{"id":652,"date":"2025-11-17T09:31:31","date_gmt":"2025-11-17T08:31:31","guid":{"rendered":"https:\/\/www.trappen-geruestbau.de\/?page_id=652"},"modified":"2025-12-05T14:43:03","modified_gmt":"2025-12-05T13:43:03","slug":"montagehallen","status":"publish","type":"page","link":"https:\/\/www.trappen-geruestbau.de\/fr\/montagehallen\/","title":{"rendered":"Halls de montage"},"content":{"rendered":"<div data-elementor-type=\"wp-page\" data-elementor-id=\"652\" class=\"elementor elementor-652\" data-elementor-post-type=\"page\">\n\t\t\t\t<div class=\"elementor-element elementor-element-cc568a0 e-flex e-con-boxed wpr-particle-no wpr-jarallax-no wpr-parallax-no wpr-sticky-section-no wpr-equal-height-no e-con e-parent\" data-id=\"cc568a0\" data-element_type=\"container\" data-e-type=\"container\" data-settings=\"{&quot;background_background&quot;:&quot;classic&quot;}\">\n\t\t\t\t\t<div class=\"e-con-inner\">\n\t\t<div class=\"elementor-element elementor-element-b9b139e e-con-full e-flex wpr-particle-no wpr-jarallax-no wpr-parallax-no wpr-sticky-section-no wpr-equal-height-no e-con e-child\" data-id=\"b9b139e\" data-element_type=\"container\" data-e-type=\"container\">\n\t\t\t\t<\/div>\n\t\t\t\t\t<\/div>\n\t\t\t\t<\/div>\n\t\t<div class=\"elementor-element elementor-element-33c2f4e4 e-flex e-con-boxed wpr-particle-no wpr-jarallax-no wpr-parallax-no wpr-sticky-section-no wpr-equal-height-no e-con e-parent\" data-id=\"33c2f4e4\" data-element_type=\"container\" data-e-type=\"container\">\n\t\t\t\t\t<div class=\"e-con-inner\">\n\t\t<div class=\"elementor-element elementor-element-3301159f e-con-full e-flex wpr-particle-no wpr-jarallax-no wpr-parallax-no wpr-sticky-section-no wpr-equal-height-no e-con e-child\" data-id=\"3301159f\" data-element_type=\"container\" data-e-type=\"container\">\n\t\t<div class=\"elementor-element elementor-element-42729510 e-con-full e-flex wpr-particle-no wpr-jarallax-no wpr-parallax-no wpr-sticky-section-no wpr-equal-height-no e-con e-child\" data-id=\"42729510\" data-element_type=\"container\" data-e-type=\"container\" data-settings=\"{&quot;background_background&quot;:&quot;classic&quot;}\">\n\t\t<div class=\"elementor-element elementor-element-378387ee e-con-full e-flex wpr-particle-no wpr-jarallax-no wpr-parallax-no wpr-sticky-section-no wpr-equal-height-no e-con e-child\" data-id=\"378387ee\" data-element_type=\"container\" data-e-type=\"container\">\n\t\t\t\t<div class=\"elementor-element elementor-element-7ef5a60b elementor-align-justify elementor-widget elementor-widget-button\" data-id=\"7ef5a60b\" data-element_type=\"widget\" data-e-type=\"widget\" data-widget_type=\"button.default\">\n\t\t\t\t<div class=\"elementor-widget-container\">\n\t\t\t\t\t\t\t\t\t<div class=\"elementor-button-wrapper\">\n\t\t\t\t\t<a class=\"elementor-button elementor-button-link elementor-size-sm\" href=\"https:\/\/www.trappen-geruestbau.de\/fr\/blitzgerueste\/\">\n\t\t\t\t\t\t<span class=\"elementor-button-content-wrapper\">\n\t\t\t\t\t\t<span class=\"elementor-button-icon\">\n\t\t\t\t<i aria-hidden=\"true\" class=\"fas fa-chevron-circle-right\"><\/i>\t\t\t<\/span>\n\t\t\t\t\t\t\t\t\t<span class=\"elementor-button-text\">\u00c9chafaudages \u00e0 montage rapide<\/span>\n\t\t\t\t\t<\/span>\n\t\t\t\t\t<\/a>\n\t\t\t\t<\/div>\n\t\t\t\t\t\t\t\t<\/div>\n\t\t\t\t<\/div>\n\t\t\t\t<div class=\"elementor-element elementor-element-77ae2d33 elementor-align-justify elementor-widget elementor-widget-button\" data-id=\"77ae2d33\" data-element_type=\"widget\" data-e-type=\"widget\" data-widget_type=\"button.default\">\n\t\t\t\t<div class=\"elementor-widget-container\">\n\t\t\t\t\t\t\t\t\t<div class=\"elementor-button-wrapper\">\n\t\t\t\t\t<a class=\"elementor-button elementor-button-link elementor-size-sm\" href=\"https:\/\/www.trappen-geruestbau.de\/fr\/allroundgerueste\/\">\n\t\t\t\t\t\t<span class=\"elementor-button-content-wrapper\">\n\t\t\t\t\t\t<span class=\"elementor-button-icon\">\n\t\t\t\t<i aria-hidden=\"true\" class=\"fas fa-chevron-circle-right\"><\/i>\t\t\t<\/span>\n\t\t\t\t\t\t\t\t\t<span class=\"elementor-button-text\">\u00c9chafaudages modulaires<\/span>\n\t\t\t\t\t<\/span>\n\t\t\t\t\t<\/a>\n\t\t\t\t<\/div>\n\t\t\t\t\t\t\t\t<\/div>\n\t\t\t\t<\/div>\n\t\t\t\t<div class=\"elementor-element elementor-element-34222f41 elementor-align-justify elementor-widget elementor-widget-button\" data-id=\"34222f41\" data-element_type=\"widget\" data-e-type=\"widget\" data-widget_type=\"button.default\">\n\t\t\t\t<div class=\"elementor-widget-container\">\n\t\t\t\t\t\t\t\t\t<div class=\"elementor-button-wrapper\">\n\t\t\t\t\t<a class=\"elementor-button elementor-button-link elementor-size-sm\" href=\"https:\/\/www.trappen-geruestbau.de\/fr\/wetterschutz\/\">\n\t\t\t\t\t\t<span class=\"elementor-button-content-wrapper\">\n\t\t\t\t\t\t<span class=\"elementor-button-icon\">\n\t\t\t\t<i aria-hidden=\"true\" class=\"fas fa-chevron-circle-right\"><\/i>\t\t\t<\/span>\n\t\t\t\t\t\t\t\t\t<span class=\"elementor-button-text\">Protection contre les intemp\u00e9ries<\/span>\n\t\t\t\t\t<\/span>\n\t\t\t\t\t<\/a>\n\t\t\t\t<\/div>\n\t\t\t\t\t\t\t\t<\/div>\n\t\t\t\t<\/div>\n\t\t\t\t<div class=\"elementor-element elementor-element-15956c9b elementor-align-justify elementor-widget elementor-widget-button\" data-id=\"15956c9b\" data-element_type=\"widget\" data-e-type=\"widget\" data-widget_type=\"button.default\">\n\t\t\t\t<div class=\"elementor-widget-container\">\n\t\t\t\t\t\t\t\t\t<div class=\"elementor-button-wrapper\">\n\t\t\t\t\t<a class=\"elementor-button elementor-button-link elementor-size-sm\" href=\"https:\/\/www.trappen-geruestbau.de\/fr\/treppentuerme\/\">\n\t\t\t\t\t\t<span class=\"elementor-button-content-wrapper\">\n\t\t\t\t\t\t<span class=\"elementor-button-icon\">\n\t\t\t\t<i aria-hidden=\"true\" class=\"fas fa-chevron-circle-right\"><\/i>\t\t\t<\/span>\n\t\t\t\t\t\t\t\t\t<span class=\"elementor-button-text\">Tours d\u2019escaliers<\/span>\n\t\t\t\t\t<\/span>\n\t\t\t\t\t<\/a>\n\t\t\t\t<\/div>\n\t\t\t\t\t\t\t\t<\/div>\n\t\t\t\t<\/div>\n\t\t\t\t<div class=\"elementor-element elementor-element-363648d6 elementor-align-justify elementor-widget elementor-widget-button\" data-id=\"363648d6\" data-element_type=\"widget\" data-e-type=\"widget\" data-widget_type=\"button.default\">\n\t\t\t\t<div class=\"elementor-widget-container\">\n\t\t\t\t\t\t\t\t\t<div class=\"elementor-button-wrapper\">\n\t\t\t\t\t<a class=\"elementor-button elementor-button-link elementor-size-sm\" href=\"https:\/\/www.trappen-geruestbau.de\/fr\/bauaufzuege\/\">\n\t\t\t\t\t\t<span class=\"elementor-button-content-wrapper\">\n\t\t\t\t\t\t<span class=\"elementor-button-icon\">\n\t\t\t\t<i aria-hidden=\"true\" class=\"fas fa-chevron-circle-right\"><\/i>\t\t\t<\/span>\n\t\t\t\t\t\t\t\t\t<span class=\"elementor-button-text\">Monte-charges de chantier<\/span>\n\t\t\t\t\t<\/span>\n\t\t\t\t\t<\/a>\n\t\t\t\t<\/div>\n\t\t\t\t\t\t\t\t<\/div>\n\t\t\t\t<\/div>\n\t\t\t\t<div class=\"elementor-element elementor-element-565b70df elementor-align-justify elementor-widget elementor-widget-button\" data-id=\"565b70df\" data-element_type=\"widget\" data-e-type=\"widget\" data-widget_type=\"button.default\">\n\t\t\t\t<div class=\"elementor-widget-container\">\n\t\t\t\t\t\t\t\t\t<div class=\"elementor-button-wrapper\">\n\t\t\t\t\t<a class=\"elementor-button elementor-button-link elementor-size-sm\" href=\"https:\/\/www.trappen-geruestbau.de\/fr\/haengegerueste\/\">\n\t\t\t\t\t\t<span class=\"elementor-button-content-wrapper\">\n\t\t\t\t\t\t<span class=\"elementor-button-icon\">\n\t\t\t\t<i aria-hidden=\"true\" class=\"fas fa-chevron-circle-right\"><\/i>\t\t\t<\/span>\n\t\t\t\t\t\t\t\t\t<span class=\"elementor-button-text\">\u00c9chafaudages suspendus<\/span>\n\t\t\t\t\t<\/span>\n\t\t\t\t\t<\/a>\n\t\t\t\t<\/div>\n\t\t\t\t\t\t\t\t<\/div>\n\t\t\t\t<\/div>\n\t\t\t\t<div class=\"elementor-element elementor-element-6d482a5 elementor-align-justify elementor-widget elementor-widget-button\" data-id=\"6d482a5\" data-element_type=\"widget\" data-e-type=\"widget\" data-widget_type=\"button.default\">\n\t\t\t\t<div class=\"elementor-widget-container\">\n\t\t\t\t\t\t\t\t\t<div class=\"elementor-button-wrapper\">\n\t\t\t\t\t<a class=\"elementor-button elementor-button-link elementor-size-sm\" href=\"https:\/\/www.trappen-geruestbau.de\/fr\/montagehallen\/\">\n\t\t\t\t\t\t<span class=\"elementor-button-content-wrapper\">\n\t\t\t\t\t\t<span class=\"elementor-button-icon\">\n\t\t\t\t<i aria-hidden=\"true\" class=\"fas fa-chevron-circle-right\"><\/i>\t\t\t<\/span>\n\t\t\t\t\t\t\t\t\t<span class=\"elementor-button-text\">Halls de montage<\/span>\n\t\t\t\t\t<\/span>\n\t\t\t\t\t<\/a>\n\t\t\t\t<\/div>\n\t\t\t\t\t\t\t\t<\/div>\n\t\t\t\t<\/div>\n\t\t\t\t<div class=\"elementor-element elementor-element-ce46086 elementor-align-justify elementor-widget elementor-widget-button\" data-id=\"ce46086\" data-element_type=\"widget\" data-e-type=\"widget\" data-widget_type=\"button.default\">\n\t\t\t\t<div class=\"elementor-widget-container\">\n\t\t\t\t\t\t\t\t\t<div class=\"elementor-button-wrapper\">\n\t\t\t\t\t<a class=\"elementor-button elementor-button-link elementor-size-sm\" href=\"https:\/\/www.trappen-geruestbau.de\/fr\/traggerueste\/\">\n\t\t\t\t\t\t<span class=\"elementor-button-content-wrapper\">\n\t\t\t\t\t\t<span class=\"elementor-button-icon\">\n\t\t\t\t<i aria-hidden=\"true\" class=\"fas fa-chevron-circle-right\"><\/i>\t\t\t<\/span>\n\t\t\t\t\t\t\t\t\t<span class=\"elementor-button-text\">\u00c9chafaudages porteurs<\/span>\n\t\t\t\t\t<\/span>\n\t\t\t\t\t<\/a>\n\t\t\t\t<\/div>\n\t\t\t\t\t\t\t\t<\/div>\n\t\t\t\t<\/div>\n\t\t\t\t<div class=\"elementor-element elementor-element-114f93b elementor-align-justify elementor-widget elementor-widget-button\" data-id=\"114f93b\" data-element_type=\"widget\" data-e-type=\"widget\" data-widget_type=\"button.default\">\n\t\t\t\t<div class=\"elementor-widget-container\">\n\t\t\t\t\t\t\t\t\t<div class=\"elementor-button-wrapper\">\n\t\t\t\t\t<a class=\"elementor-button elementor-button-link elementor-size-sm\" href=\"https:\/\/www.trappen-geruestbau.de\/fr\/fahrgerueste\/\">\n\t\t\t\t\t\t<span class=\"elementor-button-content-wrapper\">\n\t\t\t\t\t\t<span class=\"elementor-button-icon\">\n\t\t\t\t<i aria-hidden=\"true\" class=\"fas fa-chevron-circle-right\"><\/i>\t\t\t<\/span>\n\t\t\t\t\t\t\t\t\t<span class=\"elementor-button-text\">\u00c9chafaudages roulants<\/span>\n\t\t\t\t\t<\/span>\n\t\t\t\t\t<\/a>\n\t\t\t\t<\/div>\n\t\t\t\t\t\t\t\t<\/div>\n\t\t\t\t<\/div>\n\t\t\t\t<\/div>\n\t\t\t\t<\/div>\n\t\t<div data-premium-element-link=\"{&quot;type&quot;:&quot;link&quot;,&quot;link&quot;:null,&quot;href&quot;:&quot;https:\\\/\\\/www.trappen-geruestbau.de\\\/fr\\\/kontakt\\\/&quot;}\" style=\"cursor: pointer\" class=\"elementor-element elementor-element-1406cab6 e-con-full premium-wrapper-link-yes e-flex wpr-particle-no wpr-jarallax-no wpr-parallax-no wpr-sticky-section-no wpr-equal-height-no e-con e-child\" data-id=\"1406cab6\" data-element_type=\"container\" data-e-type=\"container\" data-settings=\"{&quot;background_background&quot;:&quot;classic&quot;}\">\n\t\t<div class=\"elementor-element elementor-element-7dccb8f0 e-con-full e-flex wpr-particle-no wpr-jarallax-no wpr-parallax-no wpr-sticky-section-no wpr-equal-height-no e-con e-child\" data-id=\"7dccb8f0\" data-element_type=\"container\" data-e-type=\"container\">\n\t\t\t\t<div class=\"elementor-element elementor-element-31ac9fe8 elementor-widget elementor-widget-heading\" data-id=\"31ac9fe8\" data-element_type=\"widget\" data-e-type=\"widget\" data-widget_type=\"heading.default\">\n\t\t\t\t<div class=\"elementor-widget-container\">\n\t\t\t\t\t<h1 class=\"elementor-heading-title elementor-size-default\">Demander votre hall de montage flexible.<\/h1>\t\t\t\t<\/div>\n\t\t\t\t<\/div>\n\t\t\t\t<div class=\"elementor-element elementor-element-6075f722 elementor-widget elementor-widget-text-editor\" data-id=\"6075f722\" data-element_type=\"widget\" data-e-type=\"widget\" data-widget_type=\"text-editor.default\">\n\t\t\t\t<div class=\"elementor-widget-container\">\n\t\t\t\t\t\t\t\t\t<p>Contactez-nous d\u00e8s maintenant, sans engagement. Nous vous conseillerons avec plaisir et de mani\u00e8re personnalis\u00e9e.<\/p>\t\t\t\t\t\t\t\t<\/div>\n\t\t\t\t<\/div>\n\t\t\t\t<div class=\"elementor-element elementor-element-604ffcd1 elementor-icon-list--layout-traditional elementor-list-item-link-full_width elementor-widget elementor-widget-icon-list\" data-id=\"604ffcd1\" data-element_type=\"widget\" data-e-type=\"widget\" data-widget_type=\"icon-list.default\">\n\t\t\t\t<div class=\"elementor-widget-container\">\n\t\t\t\t\t\t\t<ul class=\"elementor-icon-list-items\">\n\t\t\t\t\t\t\t<li class=\"elementor-icon-list-item\">\n\t\t\t\t\t\t\t\t\t\t\t<a href=\"#\">\n\n\t\t\t\t\t\t\t\t\t\t\t\t<span class=\"elementor-icon-list-icon\">\n\t\t\t\t\t\t\t<i aria-hidden=\"true\" class=\"fas fa-phone-square-alt\"><\/i>\t\t\t\t\t\t<\/span>\n\t\t\t\t\t\t\t\t\t\t<span class=\"elementor-icon-list-text\">Contactez-nous<\/span>\n\t\t\t\t\t\t\t\t\t\t\t<\/a>\n\t\t\t\t\t\t\t\t\t<\/li>\n\t\t\t\t\t\t<\/ul>\n\t\t\t\t\t\t<\/div>\n\t\t\t\t<\/div>\n\t\t\t\t<\/div>\n\t\t\t\t<\/div>\n\t\t\t\t<\/div>\n\t\t<div class=\"elementor-element elementor-element-a1c243c e-con-full e-flex wpr-particle-no wpr-jarallax-no wpr-parallax-no wpr-sticky-section-no wpr-equal-height-no e-con e-child\" data-id=\"a1c243c\" data-element_type=\"container\" data-e-type=\"container\">\n\t\t\t\t<div class=\"elementor-element elementor-element-0e3394d animated-slow elementor-icon-list--layout-traditional elementor-list-item-link-full_width elementor-invisible elementor-widget elementor-widget-icon-list\" data-id=\"0e3394d\" data-element_type=\"widget\" data-e-type=\"widget\" data-settings=\"{&quot;_animation&quot;:&quot;fadeInUp&quot;}\" data-widget_type=\"icon-list.default\">\n\t\t\t\t<div class=\"elementor-widget-container\">\n\t\t\t\t\t\t\t<ul class=\"elementor-icon-list-items\">\n\t\t\t\t\t\t\t<li class=\"elementor-icon-list-item\">\n\t\t\t\t\t\t\t\t\t\t\t<span class=\"elementor-icon-list-icon\">\n\t\t\t\t\t\t\t<i aria-hidden=\"true\" class=\"fas fa-square\"><\/i>\t\t\t\t\t\t<\/span>\n\t\t\t\t\t\t\t\t\t\t<span class=\"elementor-icon-list-text\">Halls de montage<\/span>\n\t\t\t\t\t\t\t\t\t<\/li>\n\t\t\t\t\t\t<\/ul>\n\t\t\t\t\t\t<\/div>\n\t\t\t\t<\/div>\n\t\t\t\t<div class=\"elementor-element elementor-element-bd3d382 elementor-widget elementor-widget-heading\" data-id=\"bd3d382\" data-element_type=\"widget\" data-e-type=\"widget\" data-widget_type=\"heading.default\">\n\t\t\t\t<div class=\"elementor-widget-container\">\n\t\t\t\t\t<h3 class=\"elementor-heading-title elementor-size-default\">Des syst\u00e8mes de halls flexibles et temporaires.<\/h3>\t\t\t\t<\/div>\n\t\t\t\t<\/div>\n\t\t\t\t<div class=\"elementor-element elementor-element-3617230 elementor-widget elementor-widget-text-editor\" data-id=\"3617230\" data-element_type=\"widget\" data-e-type=\"widget\" data-widget_type=\"text-editor.default\">\n\t\t\t\t<div class=\"elementor-widget-container\">\n\t\t\t\t\t\t\t\t\t<p data-start=\"295\" data-end=\"484\">Gr\u00e2ce \u00e0 des halls de montage bas\u00e9s sur des structures d\u2019\u00e9chafaudage, nous cr\u00e9ons rapidement des surfaces couvertes pour le montage, le stockage ou la logistique. Des port\u00e9es flexibles et des longueurs variables font de ces halls une solution id\u00e9ale pour les projets temporaires.<\/p>\t\t\t\t\t\t\t\t<\/div>\n\t\t\t\t<\/div>\n\t\t<div class=\"elementor-element elementor-element-485f398 e-con-full e-flex wpr-particle-no wpr-jarallax-no wpr-parallax-no wpr-sticky-section-no wpr-equal-height-no e-con e-child\" data-id=\"485f398\" data-element_type=\"container\" data-e-type=\"container\">\n\t\t\t\t<div class=\"elementor-element elementor-element-d38a1d5 elementor-widget__width-initial elementor-widget-mobile__width-inherit elementor-widget elementor-widget-image\" data-id=\"d38a1d5\" data-element_type=\"widget\" data-e-type=\"widget\" data-widget_type=\"image.default\">\n\t\t\t\t<div class=\"elementor-widget-container\">\n\t\t\t\t\t\t\t\t\t\t\t\t\t\t\t<img fetchpriority=\"high\" decoding=\"async\" width=\"800\" height=\"606\" src=\"https:\/\/www.trappen-geruestbau.de\/wp-content\/uploads\/2025\/11\/Trappen_Montagehallen_01-1024x776.jpg\" class=\"attachment-large size-large wp-image-1331\" alt=\"\" srcset=\"https:\/\/www.trappen-geruestbau.de\/wp-content\/uploads\/2025\/11\/Trappen_Montagehallen_01-1024x776.jpg 1024w, https:\/\/www.trappen-geruestbau.de\/wp-content\/uploads\/2025\/11\/Trappen_Montagehallen_01-300x227.jpg 300w, https:\/\/www.trappen-geruestbau.de\/wp-content\/uploads\/2025\/11\/Trappen_Montagehallen_01-768x582.jpg 768w, https:\/\/www.trappen-geruestbau.de\/wp-content\/uploads\/2025\/11\/Trappen_Montagehallen_01.jpg 1319w\" sizes=\"(max-width: 800px) 100vw, 800px\" \/>\t\t\t\t\t\t\t\t\t\t\t\t\t\t\t<\/div>\n\t\t\t\t<\/div>\n\t\t<div class=\"elementor-element elementor-element-40bf35b e-con-full e-flex wpr-particle-no wpr-jarallax-no wpr-parallax-no wpr-sticky-section-no wpr-equal-height-no e-con e-child\" data-id=\"40bf35b\" data-element_type=\"container\" data-e-type=\"container\">\n\t\t\t\t<div class=\"elementor-element elementor-element-a8133a7 elementor-widget elementor-widget-icon-box\" data-id=\"a8133a7\" data-element_type=\"widget\" data-e-type=\"widget\" data-widget_type=\"icon-box.default\">\n\t\t\t\t<div class=\"elementor-widget-container\">\n\t\t\t\t\t\t\t<div class=\"elementor-icon-box-wrapper\">\n\n\t\t\t\n\t\t\t\t\t\t<div class=\"elementor-icon-box-content\">\n\n\t\t\t\t\t\t\t\t\t<h5 class=\"elementor-icon-box-title\">\n\t\t\t\t\t\t<span  >\n\t\t\t\t\t\t\tDomaines d'application\t\t\t\t\t\t<\/span>\n\t\t\t\t\t<\/h5>\n\t\t\t\t\n\t\t\t\t\n\t\t\t<\/div>\n\t\t\t\n\t\t<\/div>\n\t\t\t\t\t\t<\/div>\n\t\t\t\t<\/div>\n\t\t\t\t<div class=\"elementor-element elementor-element-d78c747 elementor-icon-list--layout-traditional elementor-list-item-link-full_width elementor-widget elementor-widget-icon-list\" data-id=\"d78c747\" data-element_type=\"widget\" data-e-type=\"widget\" data-widget_type=\"icon-list.default\">\n\t\t\t\t<div class=\"elementor-widget-container\">\n\t\t\t\t\t\t\t<ul class=\"elementor-icon-list-items\">\n\t\t\t\t\t\t\t<li class=\"elementor-icon-list-item\">\n\t\t\t\t\t\t\t\t\t\t\t<span class=\"elementor-icon-list-icon\">\n\t\t\t\t\t\t\t<i aria-hidden=\"true\" class=\"fas fa-check-circle\"><\/i>\t\t\t\t\t\t<\/span>\n\t\t\t\t\t\t\t\t\t\t<span class=\"elementor-icon-list-text\">Espaces temporaires pour le montage et la fabrication<\/span>\n\t\t\t\t\t\t\t\t\t<\/li>\n\t\t\t\t\t\t\t\t<li class=\"elementor-icon-list-item\">\n\t\t\t\t\t\t\t\t\t\t\t<span class=\"elementor-icon-list-icon\">\n\t\t\t\t\t\t\t<i aria-hidden=\"true\" class=\"fas fa-check-circle\"><\/i>\t\t\t\t\t\t<\/span>\n\t\t\t\t\t\t\t\t\t\t<span class=\"elementor-icon-list-text\">Halls de stockage et de logistique sur le site de l'entreprise<\/span>\n\t\t\t\t\t\t\t\t\t<\/li>\n\t\t\t\t\t\t\t\t<li class=\"elementor-icon-list-item\">\n\t\t\t\t\t\t\t\t\t\t\t<span class=\"elementor-icon-list-icon\">\n\t\t\t\t\t\t\t<i aria-hidden=\"true\" class=\"fas fa-check-circle\"><\/i>\t\t\t\t\t\t<\/span>\n\t\t\t\t\t\t\t\t\t\t<span class=\"elementor-icon-list-text\">Auvent pour travaux de r\u00e9novation et de transformation<\/span>\n\t\t\t\t\t\t\t\t\t<\/li>\n\t\t\t\t\t\t\t\t<li class=\"elementor-icon-list-item\">\n\t\t\t\t\t\t\t\t\t\t\t<span class=\"elementor-icon-list-icon\">\n\t\t\t\t\t\t\t<i aria-hidden=\"true\" class=\"fas fa-check-circle\"><\/i>\t\t\t\t\t\t<\/span>\n\t\t\t\t\t\t\t\t\t\t<span class=\"elementor-icon-list-text\">Extensions des zones de production existantes<\/span>\n\t\t\t\t\t\t\t\t\t<\/li>\n\t\t\t\t\t\t\t\t<li class=\"elementor-icon-list-item\">\n\t\t\t\t\t\t\t\t\t\t\t<span class=\"elementor-icon-list-icon\">\n\t\t\t\t\t\t\t<i aria-hidden=\"true\" class=\"fas fa-check-circle\"><\/i>\t\t\t\t\t\t<\/span>\n\t\t\t\t\t\t\t\t\t\t<span class=\"elementor-icon-list-text\">Protection des installations sensibles pendant les travaux de construction<\/span>\n\t\t\t\t\t\t\t\t\t<\/li>\n\t\t\t\t\t\t<\/ul>\n\t\t\t\t\t\t<\/div>\n\t\t\t\t<\/div>\n\t\t\t\t<\/div>\n\t\t\t\t<\/div>\n\t\t\t\t<div class=\"elementor-element elementor-element-e208573 elementor-widget elementor-widget-heading\" data-id=\"e208573\" data-element_type=\"widget\" data-e-type=\"widget\" data-widget_type=\"heading.default\">\n\t\t\t\t<div class=\"elementor-widget-container\">\n\t\t\t\t\t<h3 class=\"elementor-heading-title elementor-size-default\">Des surfaces couvertes pour le montage, la logistique et la construction.<\/h3>\t\t\t\t<\/div>\n\t\t\t\t<\/div>\n\t\t<div class=\"elementor-element elementor-element-e211b5a e-con-full e-flex wpr-particle-no wpr-jarallax-no wpr-parallax-no wpr-sticky-section-no wpr-equal-height-no e-con e-child\" data-id=\"e211b5a\" data-element_type=\"container\" data-e-type=\"container\">\n\t\t<div class=\"elementor-element elementor-element-680f16d e-con-full e-flex wpr-particle-no wpr-jarallax-no wpr-parallax-no wpr-sticky-section-no wpr-equal-height-no e-con e-child\" data-id=\"680f16d\" data-element_type=\"container\" data-e-type=\"container\">\n\t\t\t\t<div class=\"elementor-element elementor-element-aca4264 elementor-widget elementor-widget-text-editor\" data-id=\"aca4264\" data-element_type=\"widget\" data-e-type=\"widget\" data-widget_type=\"text-editor.default\">\n\t\t\t\t<div class=\"elementor-widget-container\">\n\t\t\t\t\t\t\t\t\t<p data-start=\"6730\" data-end=\"7337\">Nos constructions de halls reposent sur des syst\u00e8mes d\u2019\u00e9chafaudage \u00e9prouv\u00e9s, combin\u00e9s \u00e0 des toitures et des parois lat\u00e9rales. Nous sommes ainsi en mesure de r\u00e9aliser, en tr\u00e8s peu de temps, des espaces fonctionnels aux hauteurs, largeurs et longueurs d\u00e9finies \u2013 allant d\u2019une simple protection contre les intemp\u00e9ries \u00e0 des solutions transitoires partiellement isol\u00e9es.<br data-start=\"10177\" data-end=\"10180\" \/>Qu\u2019il s\u2019agisse d\u2019une zone de pr\u00e9montage, d\u2019un hall de transbordement, d\u2019un espace de stockage ou d\u2019une extension temporaire de b\u00e2timents existants, nos halls s\u2019adaptent aux contraintes du site et aux exigences d\u2019utilisation, et peuvent \u00eatre d\u00e9plac\u00e9s ou d\u00e9mont\u00e9s sans laisser de traces si n\u00e9cessaire.<\/p>\t\t\t\t\t\t\t\t<\/div>\n\t\t\t\t<\/div>\n\t\t\t\t<div class=\"elementor-element elementor-element-813d1a8 elementor-widget elementor-widget-icon-box\" data-id=\"813d1a8\" data-element_type=\"widget\" data-e-type=\"widget\" data-widget_type=\"icon-box.default\">\n\t\t\t\t<div class=\"elementor-widget-container\">\n\t\t\t\t\t\t\t<div class=\"elementor-icon-box-wrapper\">\n\n\t\t\t\n\t\t\t\t\t\t<div class=\"elementor-icon-box-content\">\n\n\t\t\t\t\t\t\t\t\t<h5 class=\"elementor-icon-box-title\">\n\t\t\t\t\t\t<span  >\n\t\t\t\t\t\t\tAvantages\t\t\t\t\t\t<\/span>\n\t\t\t\t\t<\/h5>\n\t\t\t\t\n\t\t\t\t\n\t\t\t<\/div>\n\t\t\t\n\t\t<\/div>\n\t\t\t\t\t\t<\/div>\n\t\t\t\t<\/div>\n\t\t\t\t<div class=\"elementor-element elementor-element-e7f98b9 elementor-icon-list--layout-traditional elementor-list-item-link-full_width elementor-widget elementor-widget-icon-list\" data-id=\"e7f98b9\" data-element_type=\"widget\" data-e-type=\"widget\" data-widget_type=\"icon-list.default\">\n\t\t\t\t<div class=\"elementor-widget-container\">\n\t\t\t\t\t\t\t<ul class=\"elementor-icon-list-items\">\n\t\t\t\t\t\t\t<li class=\"elementor-icon-list-item\">\n\t\t\t\t\t\t\t\t\t\t\t<span class=\"elementor-icon-list-icon\">\n\t\t\t\t\t\t\t<i aria-hidden=\"true\" class=\"fas fa-check-circle\"><\/i>\t\t\t\t\t\t<\/span>\n\t\t\t\t\t\t\t\t\t\t<span class=\"elementor-icon-list-text\">R\u00e9alisation rapide sans travaux de construction permanents<\/span>\n\t\t\t\t\t\t\t\t\t<\/li>\n\t\t\t\t\t\t\t\t<li class=\"elementor-icon-list-item\">\n\t\t\t\t\t\t\t\t\t\t\t<span class=\"elementor-icon-list-icon\">\n\t\t\t\t\t\t\t<i aria-hidden=\"true\" class=\"fas fa-check-circle\"><\/i>\t\t\t\t\t\t<\/span>\n\t\t\t\t\t\t\t\t\t\t<span class=\"elementor-icon-list-text\">Flexible en termes de taille, d'\u00e9quipement et de dur\u00e9e d'utilisation<\/span>\n\t\t\t\t\t\t\t\t\t<\/li>\n\t\t\t\t\t\t\t\t<li class=\"elementor-icon-list-item\">\n\t\t\t\t\t\t\t\t\t\t\t<span class=\"elementor-icon-list-icon\">\n\t\t\t\t\t\t\t<i aria-hidden=\"true\" class=\"fas fa-check-circle\"><\/i>\t\t\t\t\t\t<\/span>\n\t\t\t\t\t\t\t\t\t\t<span class=\"elementor-icon-list-text\">Combinaison avec portails, portes, \u00e9clairage et protection contre les intemp\u00e9ries<\/span>\n\t\t\t\t\t\t\t\t\t<\/li>\n\t\t\t\t\t\t\t\t<li class=\"elementor-icon-list-item\">\n\t\t\t\t\t\t\t\t\t\t\t<span class=\"elementor-icon-list-icon\">\n\t\t\t\t\t\t\t<i aria-hidden=\"true\" class=\"fas fa-check-circle\"><\/i>\t\t\t\t\t\t<\/span>\n\t\t\t\t\t\t\t\t\t\t<span class=\"elementor-icon-list-text\">D\u00e9montable et r\u00e9utilisable ailleurs<\/span>\n\t\t\t\t\t\t\t\t\t<\/li>\n\t\t\t\t\t\t\t\t<li class=\"elementor-icon-list-item\">\n\t\t\t\t\t\t\t\t\t\t\t<span class=\"elementor-icon-list-icon\">\n\t\t\t\t\t\t\t<i aria-hidden=\"true\" class=\"fas fa-check-circle\"><\/i>\t\t\t\t\t\t<\/span>\n\t\t\t\t\t\t\t\t\t\t<span class=\"elementor-icon-list-text\">Une alternative \u00e9conomique aux nouvelles constructions massives<\/span>\n\t\t\t\t\t\t\t\t\t<\/li>\n\t\t\t\t\t\t<\/ul>\n\t\t\t\t\t\t<\/div>\n\t\t\t\t<\/div>\n\t\t\t\t<\/div>\n\t\t\t\t<div class=\"elementor-element elementor-element-9ea0ebf elementor-widget__width-initial elementor-widget-mobile__width-inherit elementor-widget elementor-widget-image\" data-id=\"9ea0ebf\" data-element_type=\"widget\" data-e-type=\"widget\" data-widget_type=\"image.default\">\n\t\t\t\t<div class=\"elementor-widget-container\">\n\t\t\t\t\t\t\t\t\t\t\t\t\t\t\t<img decoding=\"async\" width=\"768\" height=\"576\" src=\"https:\/\/www.trappen-geruestbau.de\/wp-content\/uploads\/2025\/11\/Montagehalle-Karlsruhe-768x576.jpg\" class=\"attachment-medium_large size-medium_large wp-image-1134\" alt=\"\" srcset=\"https:\/\/www.trappen-geruestbau.de\/wp-content\/uploads\/2025\/11\/Montagehalle-Karlsruhe-768x576.jpg 768w, https:\/\/www.trappen-geruestbau.de\/wp-content\/uploads\/2025\/11\/Montagehalle-Karlsruhe-300x225.jpg 300w, https:\/\/www.trappen-geruestbau.de\/wp-content\/uploads\/2025\/11\/Montagehalle-Karlsruhe-1024x768.jpg 1024w, https:\/\/www.trappen-geruestbau.de\/wp-content\/uploads\/2025\/11\/Montagehalle-Karlsruhe.jpg 1280w\" sizes=\"(max-width: 768px) 100vw, 768px\" \/>\t\t\t\t\t\t\t\t\t\t\t\t\t\t\t<\/div>\n\t\t\t\t<\/div>\n\t\t\t\t<\/div>\n\t\t\t\t<\/div>\n\t\t\t\t\t<\/div>\n\t\t\t\t<\/div>\n\t\t\t\t<\/div>","protected":false},"excerpt":{"rendered":"<p>Blitzger\u00fcste Allroundger\u00fcste Wetterschutz Treppent\u00fcrme Bauaufz\u00fcge H\u00e4ngeger\u00fcste Montagehallen Tragger\u00fcste Fahrger\u00fcste Ihre flexible Montagehalle anfragen. Jetzt unverbindlich Kontakt aufnehmen. Wir beraten Sie gerne pers\u00f6nlich! Sprechen sie uns an Montagehallen Flexible Hallensysteme auf Zeit. Mit ger\u00fcstbasierten Montagehallen schaffen wir kurzfristig \u00fcberdachte Fl\u00e4chen f\u00fcr Montage, Lager oder Logistik. Flexible Spannweiten und variable L\u00e4ngen machen die Hallen zur idealen L\u00f6sung f\u00fcr zeitlich begrenzte Projekte. Einsatzbereiche Tempor\u00e4re Montage- und Fertigungsfl\u00e4chen Lager- und Logistikhallen auf dem Betriebsgel\u00e4nde \u00dcberdachungen f\u00fcr Sanierungs- und Umbauarbeiten Erweiterungen bestehender Produktionsbereiche Schutz sensibler Anlagen w\u00e4hrend Bauma\u00dfnahmen \u00dcberdachte Fl\u00e4chen f\u00fcr Montage, Logistik und Bau. Unsere Hallenkonstruktionen basieren auf bew\u00e4hrten Ger\u00fcstsystemen in Kombination mit D\u00e4chern und Wandverkleidungen. So k\u00f6nnen wir innerhalb kurzer Zeit funktionsf\u00e4hige R\u00e4ume mit definierter H\u00f6he, Breite und L\u00e4nge realisieren \u2013 vom einfachen Wetterschutz bis zur teilweise ged\u00e4mmten \u00dcbergangsl\u00f6sung.Ob als Vormontageplatz, Umschlaghalle, Lager oder tempor\u00e4re Erweiterung bestehender Geb\u00e4ude: Die Hallen lassen sich an Standortbedingungen und Nutzungsanforderungen anpassen und bei Bedarf versetzen oder r\u00fcckstandslos zur\u00fcckbauen. Vorteile Schnelle Realisierung ohne dauerhafte Bauma\u00dfnahme Flexibel in Gr\u00f6\u00dfe, Ausstattung und Nutzungsdauer Kombination mit Toren, T\u00fcren, Beleuchtung und Wetterschutz R\u00fcckbaubar und an anderer Stelle wiederverwendbar Wirtschaftliche Alternative zu massiven Neubauten<\/p>","protected":false},"author":1,"featured_media":0,"parent":0,"menu_order":0,"comment_status":"closed","ping_status":"closed","template":"elementor_header_footer","meta":{"footnotes":""},"class_list":["post-652","page","type-page","status-publish","hentry"],"yoast_head":"<!-- This site is optimized with the Yoast SEO plugin v27.4 - https:\/\/yoast.com\/product\/yoast-seo-wordpress\/ -->\n<title>Montagehallen - Trappen Ger\u00fcstbau<\/title>\n<meta name=\"robots\" content=\"index, follow, max-snippet:-1, max-image-preview:large, max-video-preview:-1\" \/>\n<link rel=\"canonical\" href=\"https:\/\/www.trappen-geruestbau.de\/fr\/montagehallen\/\" \/>\n<meta property=\"og:locale\" content=\"fr_FR\" \/>\n<meta property=\"og:type\" content=\"article\" \/>\n<meta property=\"og:title\" content=\"Montagehallen - Trappen Ger\u00fcstbau\" \/>\n<meta property=\"og:description\" content=\"Blitzger\u00fcste Allroundger\u00fcste Wetterschutz Treppent\u00fcrme Bauaufz\u00fcge H\u00e4ngeger\u00fcste Montagehallen Tragger\u00fcste Fahrger\u00fcste Ihre flexible Montagehalle anfragen. Jetzt unverbindlich Kontakt aufnehmen. Wir beraten Sie gerne pers\u00f6nlich! Sprechen sie uns an Montagehallen Flexible Hallensysteme auf Zeit. Mit ger\u00fcstbasierten Montagehallen schaffen wir kurzfristig \u00fcberdachte Fl\u00e4chen f\u00fcr Montage, Lager oder Logistik. Flexible Spannweiten und variable L\u00e4ngen machen die Hallen zur idealen L\u00f6sung f\u00fcr zeitlich begrenzte Projekte. Einsatzbereiche Tempor\u00e4re Montage- und Fertigungsfl\u00e4chen Lager- und Logistikhallen auf dem Betriebsgel\u00e4nde \u00dcberdachungen f\u00fcr Sanierungs- und Umbauarbeiten Erweiterungen bestehender Produktionsbereiche Schutz sensibler Anlagen w\u00e4hrend Bauma\u00dfnahmen \u00dcberdachte Fl\u00e4chen f\u00fcr Montage, Logistik und Bau. Unsere Hallenkonstruktionen basieren auf bew\u00e4hrten Ger\u00fcstsystemen in Kombination mit D\u00e4chern und Wandverkleidungen. So k\u00f6nnen wir innerhalb kurzer Zeit funktionsf\u00e4hige R\u00e4ume mit definierter H\u00f6he, Breite und L\u00e4nge realisieren \u2013 vom einfachen Wetterschutz bis zur teilweise ged\u00e4mmten \u00dcbergangsl\u00f6sung.Ob als Vormontageplatz, Umschlaghalle, Lager oder tempor\u00e4re Erweiterung bestehender Geb\u00e4ude: Die Hallen lassen sich an Standortbedingungen und Nutzungsanforderungen anpassen und bei Bedarf versetzen oder r\u00fcckstandslos zur\u00fcckbauen. Vorteile Schnelle Realisierung ohne dauerhafte Bauma\u00dfnahme Flexibel in Gr\u00f6\u00dfe, Ausstattung und Nutzungsdauer Kombination mit Toren, T\u00fcren, Beleuchtung und Wetterschutz R\u00fcckbaubar und an anderer Stelle wiederverwendbar Wirtschaftliche Alternative zu massiven Neubauten\" \/>\n<meta property=\"og:url\" content=\"https:\/\/www.trappen-geruestbau.de\/fr\/montagehallen\/\" \/>\n<meta property=\"og:site_name\" content=\"Trappen Ger\u00fcstbau\" \/>\n<meta property=\"article:modified_time\" content=\"2025-12-05T13:43:03+00:00\" \/>\n<meta property=\"og:image\" content=\"https:\/\/www.trappen-geruestbau.de\/wp-content\/uploads\/2025\/11\/Trappen_Montagehallen_01.jpg\" \/>\n\t<meta property=\"og:image:width\" content=\"1319\" \/>\n\t<meta property=\"og:image:height\" content=\"1000\" \/>\n\t<meta property=\"og:image:type\" content=\"image\/jpeg\" \/>\n<meta name=\"twitter:card\" content=\"summary_large_image\" \/>\n<meta name=\"twitter:label1\" content=\"Dur\u00e9e de lecture estim\u00e9e\" \/>\n\t<meta name=\"twitter:data1\" content=\"2 minutes\" \/>\n<script type=\"application\/ld+json\" class=\"yoast-schema-graph\">{\"@context\":\"https:\\\/\\\/schema.org\",\"@graph\":[{\"@type\":\"WebPage\",\"@id\":\"https:\\\/\\\/www.trappen-geruestbau.de\\\/montagehallen\\\/\",\"url\":\"https:\\\/\\\/www.trappen-geruestbau.de\\\/montagehallen\\\/\",\"name\":\"Montagehallen - Trappen Ger\u00fcstbau\",\"isPartOf\":{\"@id\":\"https:\\\/\\\/www.trappen-geruestbau.de\\\/#website\"},\"primaryImageOfPage\":{\"@id\":\"https:\\\/\\\/www.trappen-geruestbau.de\\\/montagehallen\\\/#primaryimage\"},\"image\":{\"@id\":\"https:\\\/\\\/www.trappen-geruestbau.de\\\/montagehallen\\\/#primaryimage\"},\"thumbnailUrl\":\"https:\\\/\\\/www.trappen-geruestbau.de\\\/wp-content\\\/uploads\\\/2025\\\/11\\\/Trappen_Montagehallen_01-1024x776.jpg\",\"datePublished\":\"2025-11-17T08:31:31+00:00\",\"dateModified\":\"2025-12-05T13:43:03+00:00\",\"breadcrumb\":{\"@id\":\"https:\\\/\\\/www.trappen-geruestbau.de\\\/montagehallen\\\/#breadcrumb\"},\"inLanguage\":\"fr-FR\",\"potentialAction\":[{\"@type\":\"ReadAction\",\"target\":[\"https:\\\/\\\/www.trappen-geruestbau.de\\\/montagehallen\\\/\"]}]},{\"@type\":\"ImageObject\",\"inLanguage\":\"fr-FR\",\"@id\":\"https:\\\/\\\/www.trappen-geruestbau.de\\\/montagehallen\\\/#primaryimage\",\"url\":\"https:\\\/\\\/www.trappen-geruestbau.de\\\/wp-content\\\/uploads\\\/2025\\\/11\\\/Trappen_Montagehallen_01-1024x776.jpg\",\"contentUrl\":\"https:\\\/\\\/www.trappen-geruestbau.de\\\/wp-content\\\/uploads\\\/2025\\\/11\\\/Trappen_Montagehallen_01-1024x776.jpg\"},{\"@type\":\"BreadcrumbList\",\"@id\":\"https:\\\/\\\/www.trappen-geruestbau.de\\\/montagehallen\\\/#breadcrumb\",\"itemListElement\":[{\"@type\":\"ListItem\",\"position\":1,\"name\":\"Startseite\",\"item\":\"https:\\\/\\\/www.trappen-geruestbau.de\\\/\"},{\"@type\":\"ListItem\",\"position\":2,\"name\":\"Montagehallen\"}]},{\"@type\":\"WebSite\",\"@id\":\"https:\\\/\\\/www.trappen-geruestbau.de\\\/#website\",\"url\":\"https:\\\/\\\/www.trappen-geruestbau.de\\\/\",\"name\":\"Trappen Ger\u00fcstbau\",\"description\":\"Wir planen, liefern und montieren ma\u00dfgeschneiderte Ger\u00fcstl\u00f6sungen\",\"publisher\":{\"@id\":\"https:\\\/\\\/www.trappen-geruestbau.de\\\/#organization\"},\"potentialAction\":[{\"@type\":\"SearchAction\",\"target\":{\"@type\":\"EntryPoint\",\"urlTemplate\":\"https:\\\/\\\/www.trappen-geruestbau.de\\\/?s={search_term_string}\"},\"query-input\":{\"@type\":\"PropertyValueSpecification\",\"valueRequired\":true,\"valueName\":\"search_term_string\"}}],\"inLanguage\":\"fr-FR\"},{\"@type\":\"Organization\",\"@id\":\"https:\\\/\\\/www.trappen-geruestbau.de\\\/#organization\",\"name\":\"Trappen Ger\u00fcstbau\",\"url\":\"https:\\\/\\\/www.trappen-geruestbau.de\\\/\",\"logo\":{\"@type\":\"ImageObject\",\"inLanguage\":\"fr-FR\",\"@id\":\"https:\\\/\\\/www.trappen-geruestbau.de\\\/#\\\/schema\\\/logo\\\/image\\\/\",\"url\":\"https:\\\/\\\/www.trappen-geruestbau.de\\\/wp-content\\\/uploads\\\/2025\\\/11\\\/Element-3@4x-scaled.png\",\"contentUrl\":\"https:\\\/\\\/www.trappen-geruestbau.de\\\/wp-content\\\/uploads\\\/2025\\\/11\\\/Element-3@4x-scaled.png\",\"width\":2560,\"height\":843,\"caption\":\"Trappen Ger\u00fcstbau\"},\"image\":{\"@id\":\"https:\\\/\\\/www.trappen-geruestbau.de\\\/#\\\/schema\\\/logo\\\/image\\\/\"}}]}<\/script>\n<!-- \/ Yoast SEO plugin. -->","yoast_head_json":{"title":"Montagehallen - Trappen Ger\u00fcstbau","robots":{"index":"index","follow":"follow","max-snippet":"max-snippet:-1","max-image-preview":"max-image-preview:large","max-video-preview":"max-video-preview:-1"},"canonical":"https:\/\/www.trappen-geruestbau.de\/fr\/montagehallen\/","og_locale":"fr_FR","og_type":"article","og_title":"Montagehallen - Trappen Ger\u00fcstbau","og_description":"Blitzger\u00fcste Allroundger\u00fcste Wetterschutz Treppent\u00fcrme Bauaufz\u00fcge H\u00e4ngeger\u00fcste Montagehallen Tragger\u00fcste Fahrger\u00fcste Ihre flexible Montagehalle anfragen. Jetzt unverbindlich Kontakt aufnehmen. Wir beraten Sie gerne pers\u00f6nlich! Sprechen sie uns an Montagehallen Flexible Hallensysteme auf Zeit. Mit ger\u00fcstbasierten Montagehallen schaffen wir kurzfristig \u00fcberdachte Fl\u00e4chen f\u00fcr Montage, Lager oder Logistik. Flexible Spannweiten und variable L\u00e4ngen machen die Hallen zur idealen L\u00f6sung f\u00fcr zeitlich begrenzte Projekte. Einsatzbereiche Tempor\u00e4re Montage- und Fertigungsfl\u00e4chen Lager- und Logistikhallen auf dem Betriebsgel\u00e4nde \u00dcberdachungen f\u00fcr Sanierungs- und Umbauarbeiten Erweiterungen bestehender Produktionsbereiche Schutz sensibler Anlagen w\u00e4hrend Bauma\u00dfnahmen \u00dcberdachte Fl\u00e4chen f\u00fcr Montage, Logistik und Bau. Unsere Hallenkonstruktionen basieren auf bew\u00e4hrten Ger\u00fcstsystemen in Kombination mit D\u00e4chern und Wandverkleidungen. So k\u00f6nnen wir innerhalb kurzer Zeit funktionsf\u00e4hige R\u00e4ume mit definierter H\u00f6he, Breite und L\u00e4nge realisieren \u2013 vom einfachen Wetterschutz bis zur teilweise ged\u00e4mmten \u00dcbergangsl\u00f6sung.Ob als Vormontageplatz, Umschlaghalle, Lager oder tempor\u00e4re Erweiterung bestehender Geb\u00e4ude: Die Hallen lassen sich an Standortbedingungen und Nutzungsanforderungen anpassen und bei Bedarf versetzen oder r\u00fcckstandslos zur\u00fcckbauen. Vorteile Schnelle Realisierung ohne dauerhafte Bauma\u00dfnahme Flexibel in Gr\u00f6\u00dfe, Ausstattung und Nutzungsdauer Kombination mit Toren, T\u00fcren, Beleuchtung und Wetterschutz R\u00fcckbaubar und an anderer Stelle wiederverwendbar Wirtschaftliche Alternative zu massiven Neubauten","og_url":"https:\/\/www.trappen-geruestbau.de\/fr\/montagehallen\/","og_site_name":"Trappen Ger\u00fcstbau","article_modified_time":"2025-12-05T13:43:03+00:00","og_image":[{"width":1319,"height":1000,"url":"https:\/\/www.trappen-geruestbau.de\/wp-content\/uploads\/2025\/11\/Trappen_Montagehallen_01.jpg","type":"image\/jpeg"}],"twitter_card":"summary_large_image","twitter_misc":{"Dur\u00e9e de lecture estim\u00e9e":"2 minutes"},"schema":{"@context":"https:\/\/schema.org","@graph":[{"@type":"WebPage","@id":"https:\/\/www.trappen-geruestbau.de\/montagehallen\/","url":"https:\/\/www.trappen-geruestbau.de\/montagehallen\/","name":"Montagehallen - Trappen Ger\u00fcstbau","isPartOf":{"@id":"https:\/\/www.trappen-geruestbau.de\/#website"},"primaryImageOfPage":{"@id":"https:\/\/www.trappen-geruestbau.de\/montagehallen\/#primaryimage"},"image":{"@id":"https:\/\/www.trappen-geruestbau.de\/montagehallen\/#primaryimage"},"thumbnailUrl":"https:\/\/www.trappen-geruestbau.de\/wp-content\/uploads\/2025\/11\/Trappen_Montagehallen_01-1024x776.jpg","datePublished":"2025-11-17T08:31:31+00:00","dateModified":"2025-12-05T13:43:03+00:00","breadcrumb":{"@id":"https:\/\/www.trappen-geruestbau.de\/montagehallen\/#breadcrumb"},"inLanguage":"fr-FR","potentialAction":[{"@type":"ReadAction","target":["https:\/\/www.trappen-geruestbau.de\/montagehallen\/"]}]},{"@type":"ImageObject","inLanguage":"fr-FR","@id":"https:\/\/www.trappen-geruestbau.de\/montagehallen\/#primaryimage","url":"https:\/\/www.trappen-geruestbau.de\/wp-content\/uploads\/2025\/11\/Trappen_Montagehallen_01-1024x776.jpg","contentUrl":"https:\/\/www.trappen-geruestbau.de\/wp-content\/uploads\/2025\/11\/Trappen_Montagehallen_01-1024x776.jpg"},{"@type":"BreadcrumbList","@id":"https:\/\/www.trappen-geruestbau.de\/montagehallen\/#breadcrumb","itemListElement":[{"@type":"ListItem","position":1,"name":"Startseite","item":"https:\/\/www.trappen-geruestbau.de\/"},{"@type":"ListItem","position":2,"name":"Montagehallen"}]},{"@type":"WebSite","@id":"https:\/\/www.trappen-geruestbau.de\/#website","url":"https:\/\/www.trappen-geruestbau.de\/","name":"Trappen Ger\u00fcstbau \u2013 solutions d\u2019\u00e9chafaudage","description":"Wir planen, liefern und montieren ma\u00dfgeschneiderte Ger\u00fcstl\u00f6sungen","publisher":{"@id":"https:\/\/www.trappen-geruestbau.de\/#organization"},"potentialAction":[{"@type":"SearchAction","target":{"@type":"EntryPoint","urlTemplate":"https:\/\/www.trappen-geruestbau.de\/?s={search_term_string}"},"query-input":{"@type":"PropertyValueSpecification","valueRequired":true,"valueName":"search_term_string"}}],"inLanguage":"fr-FR"},{"@type":"Organization","@id":"https:\/\/www.trappen-geruestbau.de\/#organization","name":"Trappen Ger\u00fcstbau \u2013 solutions d\u2019\u00e9chafaudage","url":"https:\/\/www.trappen-geruestbau.de\/","logo":{"@type":"ImageObject","inLanguage":"fr-FR","@id":"https:\/\/www.trappen-geruestbau.de\/#\/schema\/logo\/image\/","url":"https:\/\/www.trappen-geruestbau.de\/wp-content\/uploads\/2025\/11\/Element-3@4x-scaled.png","contentUrl":"https:\/\/www.trappen-geruestbau.de\/wp-content\/uploads\/2025\/11\/Element-3@4x-scaled.png","width":2560,"height":843,"caption":"Trappen Ger\u00fcstbau"},"image":{"@id":"https:\/\/www.trappen-geruestbau.de\/#\/schema\/logo\/image\/"}}]}},"_links":{"self":[{"href":"https:\/\/www.trappen-geruestbau.de\/fr\/wp-json\/wp\/v2\/pages\/652","targetHints":{"allow":["GET"]}}],"collection":[{"href":"https:\/\/www.trappen-geruestbau.de\/fr\/wp-json\/wp\/v2\/pages"}],"about":[{"href":"https:\/\/www.trappen-geruestbau.de\/fr\/wp-json\/wp\/v2\/types\/page"}],"author":[{"embeddable":true,"href":"https:\/\/www.trappen-geruestbau.de\/fr\/wp-json\/wp\/v2\/users\/1"}],"replies":[{"embeddable":true,"href":"https:\/\/www.trappen-geruestbau.de\/fr\/wp-json\/wp\/v2\/comments?post=652"}],"version-history":[{"count":37,"href":"https:\/\/www.trappen-geruestbau.de\/fr\/wp-json\/wp\/v2\/pages\/652\/revisions"}],"predecessor-version":[{"id":2045,"href":"https:\/\/www.trappen-geruestbau.de\/fr\/wp-json\/wp\/v2\/pages\/652\/revisions\/2045"}],"wp:attachment":[{"href":"https:\/\/www.trappen-geruestbau.de\/fr\/wp-json\/wp\/v2\/media?parent=652"}],"curies":[{"name":"wp","href":"https:\/\/api.w.org\/{rel}","templated":true}]}}